{"id":853,"date":"2015-03-29T13:17:40","date_gmt":"2015-03-29T12:17:40","guid":{"rendered":"http:\/\/streetchallenge.eu\/?page_id=853"},"modified":"2018-10-25T15:16:53","modified_gmt":"2018-10-25T14:16:53","slug":"2016-2","status":"publish","type":"page","link":"https:\/\/streetchallenge.eu\/?page_id=853","title":{"rendered":"ESDC 2016"},"content":{"rendered":"<p><strong>MONTREUIL<\/strong><\/p>\n<p><a href=\"http:\/\/montreuil.plan-interactif.com\">http:\/\/montreuil.plan-interactif.com<\/a><\/p>\n<p>The name Montreuil (latin: monasteriolum, meaning small monastery or village) was first noted in an 8th century charter, referring to a village around a monastery, situated at the place of the present church.<\/p>\n<p>By the Middle Ages, Montreuil had come to occupy a position at the crossroads of royal and religious life, situated as it was between the abbey of Saint Denis (one of the jewels of medieval gothic architecture, which you can still visit in Saint Denis), burial place of the French royalty, and the ch\u00e2teau of Vincennes, one of the principal residences of the kings of France until the middle of the 17th century (which can still be seen today on the edge of the neighbouring Bois de Vincennes).<\/p>\n<div id=\"attachment_994\" style=\"width: 1034px\" class=\"wp-caption alignnone\"><img loading=\"lazy\" decoding=\"async\" aria-describedby=\"caption-attachment-994\" class=\"wp-image-994 size-full\" src=\"http:\/\/streetchallenge.eu\/wp-content\/uploads\/2015\/03\/MontreuilMairie.jpg\" alt=\"The town hall of Montreuil at the Place Jean Jaures\" width=\"1024\" height=\"1155\" srcset=\"https:\/\/streetchallenge.eu\/wp-content\/uploads\/2015\/03\/MontreuilMairie.jpg 1024w, https:\/\/streetchallenge.eu\/wp-content\/uploads\/2015\/03\/MontreuilMairie-266x300.jpg 266w, https:\/\/streetchallenge.eu\/wp-content\/uploads\/2015\/03\/MontreuilMairie-768x866.jpg 768w, https:\/\/streetchallenge.eu\/wp-content\/uploads\/2015\/03\/MontreuilMairie-908x1024.jpg 908w\" sizes=\"auto, (max-width: 1024px) 100vw, 1024px\" \/><p id=\"caption-attachment-994\" class=\"wp-caption-text\">The town hall of Montreuil at the Place Jean Jaures<\/p><\/div>\n<p>Viticulture was the primary source of income for the early inhabitants of Montreuil, along with vegetables, fruit, and flowers destined for markets in Paris. Indeed, like the neighbouring commune of Bagnolet, which the ESDC visited last year, Montreuil of the 18th century was very much a market garden for the city of Paris. The 18th also saw the introduction in Montreuil of the cultivation of peaches on trellises along long walls, the famous &#8220;murs de p\u00eaches&#8221; (walls of peaches), which provided the courts of Louis XIV and Louis XVI, in addition to the inhabitants of Paris, with more than 400 varieties of high quality peaches, and which are still in evidence in some areas of the town today.<\/p>\n<p>In 1740, Montreuil received a major new economic impulse with the construction of a new, paved road linking the town with the centre of Paris. By this time, a clear division has also emerged of the two distinct areas within the town: Bas (or lower) Montreuil, bordering with Paris to the south-west, and Haut (higher) Montreuil from the north-east to the north-west.<\/p>\n<div id=\"attachment_997\" style=\"width: 1034px\" class=\"wp-caption alignnone\"><img loading=\"lazy\" decoding=\"async\" aria-describedby=\"caption-attachment-997\" class=\"wp-image-997 size-full\" src=\"http:\/\/streetchallenge.eu\/wp-content\/uploads\/2015\/03\/Montreuil2.jpg\" alt=\"Montreuil2\" width=\"1024\" height=\"576\" srcset=\"https:\/\/streetchallenge.eu\/wp-content\/uploads\/2015\/03\/Montreuil2.jpg 1024w, https:\/\/streetchallenge.eu\/wp-content\/uploads\/2015\/03\/Montreuil2-300x169.jpg 300w, https:\/\/streetchallenge.eu\/wp-content\/uploads\/2015\/03\/Montreuil2-768x432.jpg 768w, https:\/\/streetchallenge.eu\/wp-content\/uploads\/2015\/03\/Montreuil2-500x281.jpg 500w\" sizes=\"auto, (max-width: 1024px) 100vw, 1024px\" \/><p id=\"caption-attachment-997\" class=\"wp-caption-text\">Cinema and public garden in Montreuil<\/p><\/div>\n<div id=\"attachment_996\" style=\"width: 1034px\" class=\"wp-caption alignnone\"><img loading=\"lazy\" decoding=\"async\" aria-describedby=\"caption-attachment-996\" class=\"size-full wp-image-996\" src=\"http:\/\/streetchallenge.eu\/wp-content\/uploads\/2015\/03\/Montreuil.jpg\" alt=\"Montreuil\" width=\"1024\" height=\"576\" srcset=\"https:\/\/streetchallenge.eu\/wp-content\/uploads\/2015\/03\/Montreuil.jpg 1024w, https:\/\/streetchallenge.eu\/wp-content\/uploads\/2015\/03\/Montreuil-300x169.jpg 300w, https:\/\/streetchallenge.eu\/wp-content\/uploads\/2015\/03\/Montreuil-768x432.jpg 768w, https:\/\/streetchallenge.eu\/wp-content\/uploads\/2015\/03\/Montreuil-500x281.jpg 500w\" sizes=\"auto, (max-width: 1024px) 100vw, 1024px\" \/><p id=\"caption-attachment-996\" class=\"wp-caption-text\">Montreuil<\/p><\/div>\n<p>The 19th century saw the increasing industrialisation of Montreuil. Gypsum, which had long been a natural resource of the area, was now exploited on an industrial scale, based around several large quarries. Other industries such as chemical production, leather treatment, alcohol distillery and porcelain manufacture also became established in the town. The town expands rapidly from 13 000 inhabitants in 1872 to 32 000 in 1896, with a strong influx of immigrants from the provinces, particularly in Bas-Montreuil, due to the increasing availability of work in the industrial sectors. Agriculture, however, still remained strong at this time (as is witnessed by the two statues of &#8220;Industry&#8221; and &#8220;Agriculture&#8221; outside the Mairie today, signifying their co-existence in the history of the town).<\/p>\n<p>Towards the end of the 19th century, a strong workers movement began to form in Montreuil around series of political, social and cultural demonstrations and movements. Indeed, a strong communist tradition has been maintained in the town until this day, the present communist mayor, Patrice Bressac, having succeeded former ex-Communist mayor Jean-Pierre Brard, who held the post of mayor for almost 30 years.<\/p>\n<p>Montreuil also has a strong creative tradition, particularly with regard to cinematography. In 1876, Emile Renaud invented the &#8220;praxinoscope&#8221;, for the first time making possible the animation of image, in Montreui. In 1888, the pioneering Georges M\u00e9li\u00e8s transformed his family home in Montreuil into a film studio, and went on to produce some of the greatest works of early cinema (including the legendary &#8220;Le Voyage dans la lune&#8221; or &#8220;Journey to the moon&#8221;. The Path\u00e9 brothers also created studios at Montreuil in 1904, to be joined by other famous film makers of the day, until the decline of the silent movie with the advent of the &#8220;talkies&#8221; towards the end of the twenties.<\/p>\n<p>Today, Montreuil is a dynamic commune in the Department of Seine-Saint-Denis and the fifth largest town in the Ile de France, with a population of over 103 000. The town is characterized by strong social and ethnic diversity, and also, since the 1980s, by members of creative and artistic communities, together with a number of large-scale social, economic and ecological projects focused on the revitalisation of the area. At least 15% of the &#8220;workers&#8221; in Montreuil are active in the creative sector. This gives Montreuil the greatest concentration of creative talent in the east of Paris, and the town in the French with the greatest percentage of creative workers per population.<br \/>\n_____________________________________________________________________________<\/p>\n<p><strong>Participating International Teams\u00a0<\/strong><strong>ESDC 2016<\/strong><\/p>\n<p>This year teams of designers from eight different countries from around the world will compete for the Troph\u00e9e du Conseil G\u00e9n\u00e9ral de Seine\u2010Saint\u2010Denis:<\/p>\n<p><strong>UNDP\/UNHABITAT Egypt<\/strong><br \/>\nFor the second time, the United Nations organisations will be represented at the ESDC, as the <a href=\"http:\/\/www.eg.undp.org\">UNDP<\/a> and <a href=\"http:\/\/unhabitat.org\/egypt\/\">UNHABITAT<\/a> team together to form a strong Egyptian unit.<\/p>\n<p><strong>National Institute of Design, India<\/strong><br \/>\nThe <a href=\"http:\/\/National Institue of design india\">NID<\/a> will represent INDIA for the third time at the ESDC. They have a particularly strong track record in the Challenge, having won the competition in Bondy in 2014, and claiming joint second prize in 2015 in Bondy.<\/p>\n<p><strong>Colab \/ Auckland University of Technology, New Zealand<\/strong><br \/>\nNew Zealand makes its first appearance at the ESDC, represented by a strong, multi-disciplinary group of students from the <a href=\"https:\/\/colab.aut.ac.nz\">Colab \/ University of Technology<\/a> from Auckland.<\/p>\n<p><strong>Design Schools of Rome<\/strong><br \/>\nA team from various top design schools (<a href=\"http:\/\/www.isiaroma.it\/\">ISIA<\/a>, <a href=\"http:\/\/www.ied.it\/\">IED<\/a>,\u00a0<a href=\"http:\/\/quasar.university\/\">QUASAR<\/a>)\u00a0in Rome return to the ESDC for the third time, after winning the Troph\u00e9e du Conseil G\u00e9n\u00e9ral de Seine\u2010Saint\u2010Denis with a very impressive poetic yet high practical design proposal in last year in Bagnolet.<\/p>\n<p><strong>Ravensbourne University of the Arts<\/strong><br \/>\n<a href=\"http:\/\/www.ravensbourne.ac.uk\">Ravensbourne University of the Arts<\/a> in London regularly fields a strong design team in the Challenge. They have been competing since 2012, and claimed a very commendable third prize in Bagnolet in 2014.<\/p>\n<p><strong>Professional Designers of Utrecht<\/strong><br \/>\nDutch designers have played as strong role in the ESDC from the very start. They won second prize in 2012 and 2014, and first prize in 2013.<\/p>\n<p><strong>Strate, School of Design, S\u00e8vres\/Paris, (3 teams)<\/strong><br \/>\nDesigners from <a href=\"http:\/\/www.strate.education\">Strate<\/a> in S\u00e8vres have competed from the very earlier days in the Challenge, claiming first prize in Amsterdam in 2010,and returning in the very next year to Pantin to claim the title once more, in a mixed team with Les Gobelins.<br \/>\n_____________________________________________________________________________<\/p>\n<p><strong>ICI\u00a0MONTREUIL: A Special Creative Space for the ESDC 2016<\/strong><\/p>\n<p>This year, the ESDC has been very fortunate to find a special creative space for our atelier work: <a href=\"http:\/\/www.icimontreuil.com\">ICI Montreuil<\/a>.<\/p>\n<p><a href=\"http:\/\/www.icimontreuil.com\">ICI Montreuil<\/a> is described as &#8220;A factory for Creatives&#8221;. In fact, it is a creative space for artists, craftsmen and women, entrepreneurs and start-ups, covering some 1.700 square metres in part of the old Dufour factory (manufacture of electrical material) in Montreuil. The overall space comprises ateliers, coworking space, prototyping machines, and a range of further creative services.<\/p>\n<div id=\"attachment_1001\" style=\"width: 991px\" class=\"wp-caption alignnone\"><img loading=\"lazy\" decoding=\"async\" aria-describedby=\"caption-attachment-1001\" class=\"size-full wp-image-1001\" src=\"http:\/\/streetchallenge.eu\/wp-content\/uploads\/2015\/03\/fab-lab-ici-montreuil.jpg\" alt=\"\u00a9 Ici Montreuil\" width=\"981\" height=\"550\" srcset=\"https:\/\/streetchallenge.eu\/wp-content\/uploads\/2015\/03\/fab-lab-ici-montreuil.jpg 981w, https:\/\/streetchallenge.eu\/wp-content\/uploads\/2015\/03\/fab-lab-ici-montreuil-300x168.jpg 300w, https:\/\/streetchallenge.eu\/wp-content\/uploads\/2015\/03\/fab-lab-ici-montreuil-768x431.jpg 768w, https:\/\/streetchallenge.eu\/wp-content\/uploads\/2015\/03\/fab-lab-ici-montreuil-500x280.jpg 500w\" sizes=\"auto, (max-width: 981px) 100vw, 981px\" \/><p id=\"caption-attachment-1001\" class=\"wp-caption-text\">\u00a9 Ici Montreuil<\/p><\/div>\n<p>The concept behind <a href=\"http:\/\/www.icimontreuil.com\">ICI Montreuil <\/a>was to develop a special space for creatives, freelancers, entrepreneurs and independent workers in the creative sector in the area of Montreuil and eastern Paris who did not wish to be isolated or to work in sterile offices, but who were rather looking for an eco-system which would inspire their creative activity.<\/p>\n<p><a href=\"http:\/\/www.icimontreuil.com\">ICI Montreuil<\/a> is run by the SCIC (Cooperative society for Collective Interest) MADE IN MONTREUIL. Founded in February 2012, MADE IN MONTREUIL has fifteen members, including entrepreneurs, artistes and the Town Hall of Montreuil. His mission is to help its users to development their economic activity and to offer employment for those in difficulty.<br \/>\n_____________________________________________________________________________<\/p>\n<p><strong>Update 19th May, general impressions:<\/strong><\/p>\n<p><img loading=\"lazy\" decoding=\"async\" class=\"alignnone size-full wp-image-1028\" src=\"http:\/\/streetchallenge.eu\/wp-content\/uploads\/2015\/03\/Montreuil_map.png\" alt=\"Montreuil_map\" width=\"1024\" height=\"1066\" srcset=\"https:\/\/streetchallenge.eu\/wp-content\/uploads\/2015\/03\/Montreuil_map.png 1024w, https:\/\/streetchallenge.eu\/wp-content\/uploads\/2015\/03\/Montreuil_map-288x300.png 288w, https:\/\/streetchallenge.eu\/wp-content\/uploads\/2015\/03\/Montreuil_map-768x800.png 768w, https:\/\/streetchallenge.eu\/wp-content\/uploads\/2015\/03\/Montreuil_map-984x1024.png 984w\" sizes=\"auto, (max-width: 1024px) 100vw, 1024px\" \/><\/p>\n<p>Of all the districts within Seine-Saint-Denis in the eastern suburbs of Paris, which we have visited with the ESDC to date, the commune of Montreuil displays the greatest degree of &#8220;mixit\u00e9&#8221; &#8211; a mixture of old French residential and industrial architecture, new apartment blocks, private and social housing, large parks and green areas, commercial and rural (agriculture, horticulture) development. The commune comprises several districts, each of which has its own identity. There is a marked difference between Bas (Lower) Montreuil and Haut (Higher) Montreuil. Bas Montreuil borders with the 20th arrondissement of Paris &#8211; therefore an attractive, slightly cheaper alternative to living in the city itself &#8211; and hosts several large-scale corporations and national organisations (UbiSoft, international banks, CGT, the trade union organisation). There is much attractive renovated housing in the area, and old factories, which have been renovated by modern enterprises. Nevertheless, the area still contains many old areas, in need of renovation, particularly to the north of the &#8220;rue de Paris&#8221;.<\/p>\n<p>Higher Montreuil was always the more &#8220;rural&#8221; area, and originally a centre of agriculture. The old &#8220;walls of peaches&#8221; are indeed still cultivated in some areas. However, new &#8220;cit\u00e9s&#8221; (concentrated complexes of apartment blocks and social housing) have now also arisen in the fields of the north, and now blend in among the older residential areas. New, commercial areas and schools are also being developed in the northern areas<\/p>\n<p>Two contrasting target areas have been selected for the ESDC. The Mairie has identified both these areas as being in urgent need of revitalisation; studies are in progress to analyse the needs of the areas, and develop urban solutions which meet the needs for improved quality of life together with economic, social and cultural progress. The ESDC teams have the opportunity to propose their innovative solutions for realization in these areas.<\/p>\n<p>Following are the target &#8220;redesign&#8221; areas:<\/p>\n<p><strong>Croix de Chavaux<\/strong><\/p>\n<p>The large square at the Croix de Chavaux is in a very central location in Montreuil between the &#8220;gateway&#8221; to Paris (Porte de Montreuil) and the Mairie (Town Hall) and at the intersection of a major arterial road (route d\u00e9partementalend several other local roads. The area is a mixture of 19th and 20th century housing, a commercial centre, a mixture of diverse ethnic restaurants and shops, and a large, covered market, which attracts a large number of residents on several days of the week. The area at around the Croix de Chavaux is in urgent need of development: more thought must be given to the requirements of pedestrians rather than cars, and the available space must be redesigned to meet more &#8220;people-centred&#8221; aspirations and needs.<\/p>\n<p><strong>Les Ruffins<\/strong><\/p>\n<p>The &#8220;Les Ruffins&#8221; area comprises mainly new apartment blocks, together with some older residential buildings, in the east of Montreuil, and on the edge of the attractive &#8220;Parc Montreau&#8221;. The area also contains high performance sports facilities, a new ecological swimming pool, and several higher education facilities.<\/p>\n<p>A market takes places regularly during the week on the edge of the park.<\/p>\n<p>The extension of the T1 tram, connecting Montreuil to Saint-Denis is presently being constructed. The terminal stop of the extension will be at Les Ruffins in the area of the present market. Particularly in this context, but also with regard to the quality of life in general, there is a perceived need for proposals for development on a social and cultural in the Les Ruffins. Money will also be made available for the development of citizens&#8217; initiatives for projects with a high degree of quality and potential.<\/p>\n<p>High priority will also be given to sustainable solutions with a high level of ecological quality.<\/p>\n<p><strong>Work Space at ICI Montreuil<\/strong><\/p>\n<p>For the duration of the ESDC in Montreuil, we are very fortunate in having working space in ICI Montreuil, a converted old factory which now hosts a FabLab, ateliers for such professional activities as iron work, woodwork, textile design and sculpting, other spaces for digital start-ups and an exhibition hall. ICI Montreuil is well located for us, as it near the Croix Chavaux and the Mairie, and close to the no. 9 metro line, which goes directly into Paris.<\/p>\n<p><strong>Support from the Mairie in Montreuil<\/strong><\/p>\n<p>As in each year, the ESDC is very actively supported by the Futur en Seine team, and Ouafae Benslimane, representing the d\u00e9partment of Seine-Saint-Denis.<\/p>\n<p>This year, the ESDC is also fortunate in receiving very active and collaborative support from Monsieur Ibrahim Dufriche, deputy mayor and the elected representative of the people of Montreuil, responsible for innovation, social economy, digital development and ecology, assisted by Monsieur Yves Miramon.<\/p>\n<p>As part of the overall ESDC agenda, the following activities and events are already planned for the days of the Challenge in Montreuil:<\/p>\n<p><strong>Provisional Agenda<\/strong><br \/>\nThe general agenda and schedule are now in place for the ESDC 2016. Some details have yet to be finalised. Following is the provisional agenda:<\/p>\n<ul>\n<li><strong>Monday, 6th June<\/strong><br \/>\n&#8211;<strong> 3pm:<\/strong> Guided visit of the Croix de Chavaux and Les Ruffins areas by the teams<br \/>\n&#8211;<strong> 5.30pm:\u00a0Meeting<\/strong> at the Mairie with representatives of Montreuil and the target design areas;\u00a0<strong>Opening<\/strong> of the ESDC 2016 by the Mayor of Montreuil;\u00a0<strong>Cocktail.<\/strong><\/li>\n<li><strong>Tuesday, 7th June<\/strong><br \/>\n&#8211; Further opportunity to visit target design areas.<br \/>\n&#8211; Atelier work at ICI Montreuil<\/li>\n<li><strong>Wednesday, 8th June<\/strong><br \/>\n&#8211; Atelier work at ICI Montreuil<\/li>\n<li><strong>Thursday, 9th June<\/strong><br \/>\n&#8211; Atelier work at ICI Montreuil<br \/>\n&#8211; <strong>4pm<\/strong> Public presentation of the teams&#8217; design proposals, together with the evaluation by the jury, in the main hall of the Mairie.<\/li>\n<li><strong>Friday, 10th June<\/strong><br \/>\n&#8211; <strong>9:30<\/strong> am ESDC event and presentation of teams&#8217; proposed solutions in the Ga\u00eet\u00e9 Lyrique, Paris<br \/>\n&#8211; <strong>Evening:<\/strong> Award ceremony in the Ga\u00eet\u00e9 Lyrique, Paris (time TBC)<\/li>\n<\/ul>\n<p><strong>The European Street Design Challenge 2016: Day 1 Monday, 6th June<\/strong><\/p>\n<p>At 3pm on Monday, 6th June, all the participating teams of the ESDC 2016 met at the Montreuil Mairie before boarding a coach to tour the town, visiting particular key locations, including the target design areas of Croix de Chavaux and Les Ruffins. The group was accompanied by Ouafae Benslimane from Seine-Saint-Denis, Yves Miramont and Gaylord Lechequer, responsible for the urban development of the town, who provided excellent background information on the history and development plans for the town throughout the visit.<\/p>\n<div id=\"attachment_1047\" style=\"width: 888px\" class=\"wp-caption alignnone\"><img loading=\"lazy\" decoding=\"async\" aria-describedby=\"caption-attachment-1047\" class=\"size-full wp-image-1047\" src=\"http:\/\/streetchallenge.eu\/wp-content\/uploads\/2015\/03\/IMG_20160606_165400.jpg\" alt=\"\" width=\"878\" height=\"658\" srcset=\"https:\/\/streetchallenge.eu\/wp-content\/uploads\/2015\/03\/IMG_20160606_165400.jpg 878w, https:\/\/streetchallenge.eu\/wp-content\/uploads\/2015\/03\/IMG_20160606_165400-300x225.jpg 300w, https:\/\/streetchallenge.eu\/wp-content\/uploads\/2015\/03\/IMG_20160606_165400-768x576.jpg 768w, https:\/\/streetchallenge.eu\/wp-content\/uploads\/2015\/03\/IMG_20160606_165400-400x300.jpg 400w\" sizes=\"auto, (max-width: 878px) 100vw, 878px\" \/><p id=\"caption-attachment-1047\" class=\"wp-caption-text\">The teams are shown around Montreuil<\/p><\/div>\n<p>The guided tour was followed by a meeting at the Mairie with representatives of Montreuil and the target design areas, including local community managers and entrepreneurs. This meeting was accompanied by an excellent presentation of the key areas of Croix de Chavaux and Les Ruffins, and present urban planning perspective, by Medy Sajai from the town hall&#8217;s urban planning office.<\/p>\n<p>Ibrahim Dufriche-Soilihi, deputy mayor responsible for economic development, then officially opened the Challenge. The opening was followed by a cocktail, where the ESDC participants and local representatives had the opportunity to exchange ideas, and to make appointments for later in the week.<\/p>\n<p>The evening ended with a walk from the Mairie to ICI-Montreuil, where the participants had the opportunity to view the work-space, and to talk with Wandrille Heusse, who would be responsible for the hosting arrangements for the coming days.<\/p>\n<p>The guided tour was followed by a meeting at the Mairie with representatives of Montreuil and the target design areas, including local community managers and entrepreneurs. This meeting was accompanied by an excellent presentation of the key areas of Croix de Chavaux and Les Ruffins, and present urban planning perspective, by Medy Sajai from the town hall&#8217;s urban planning office.<\/p>\n<p>Ibrahim Dufriche-Soilihi, deputy mayor responsible for economic development, then officially opened the Challenge. The opening was followed by a cocktail, where the ESDC participants and local representatives had the opportunity to exchange ideas, and to make appointments for later in the week.<\/p>\n<p>The evening ended with a walk from the Mairie to ICI-Montreuil, where the participants had the opportunity to view the work-space, and to talk with Wandrille Heusse, who would be responsible for the hosting arrangements for the coming days.<\/p>\n<p><strong>The European Street Design Challenge 2016: Day 2 Tuesday, 7th June<\/strong><\/p>\n<p>On the morning of Tuesday, 7th June, the teams took the opportunity to visit the target design sites once more to learn more about the areas and for discussions with local residents and community managers. Many of the teams visited both sites in the course of the morning, although most were beginning to focus on one site: either Croix de Chavaux or Les Ruffins.<\/p>\n<p>After the morning on site, the teams returned to ICI-Montreuil for 1pm in order to begin the brainstorming exercises, starting with the Value Ladder.<\/p>\n<p><strong>Value Ladder<\/strong><\/p>\n<p><strong>\u00a0<\/strong>The &#8220;Value Ladder&#8221; exercise is an essential part of linking the design process to group values. The participants were asked to define a set of five values that are important to him\/her as a human being and as a designer, particularly in relation to the area which he\/she is about to redesign. Starting with each participant having 5 core values, discussion then starts until all individual values are \u201cfiltered down\u201d to only five values that are understood and accepted by the whole group. These values are then revisited by the teams throughout the challenge. They serve as a touchstone for their designs and they will have to be reflected in the final designs. Following are some of the values defined by the various teams as the basis of their ensuing designs:<\/p>\n<p><strong style=\"line-height: 1.625;\">Ravensbourne Design Values<\/strong><span style=\"line-height: 1.625;\">:<\/span><\/p>\n<ol>\n<li>Participatory<\/li>\n<li>Nurturing<\/li>\n<li>Interaction<\/li>\n<li>Versatile<\/li>\n<li>Identity<\/li>\n<\/ol>\n<p><strong>National Design Institute of India Design Values:<\/strong><\/p>\n<ol>\n<li>Safety<\/li>\n<li>Dynamism<\/li>\n<li>Opportunity<\/li>\n<li>Legacy<\/li>\n<li>Co-creation<\/li>\n<\/ol>\n<p><strong style=\"line-height: 1.625;\">Design Schools of Rome:<\/strong><\/p>\n<ol>\n<li>Breathing Spaces<\/li>\n<li>Interactive Sharing<\/li>\n<li>Urban Jungle<\/li>\n<li>Fluid Spaces<\/li>\n<li>Cross-generation<\/li>\n<\/ol>\n<p><strong> Design Professionals of Utrecht:<\/strong><\/p>\n<ol>\n<li>Clarity<\/li>\n<li>Safety<\/li>\n<li>Accessibility<\/li>\n<li>Healthiness<\/li>\n<li>Equality<\/li>\n<\/ol>\n<p><strong style=\"line-height: 1.625;\">Colab \/ AUT:<\/strong><\/p>\n<ol>\n<li>Conviviality<\/li>\n<li>Wonderment<\/li>\n<li>Accessible<\/li>\n<li>Spirit<\/li>\n<li>Natural<\/li>\n<\/ol>\n<p><strong> UNDP \/ UNHABITAT: <\/strong><\/p>\n<ol start=\"4\">\n<li>Community Ownership<\/li>\n<li>Inclusiveness<\/li>\n<li>Affordable<\/li>\n<li>Accessible<\/li>\n<li>Inspiring<\/li>\n<\/ol>\n<p><strong style=\"line-height: 1.625;\">Strate School of Design Team 1<\/strong><\/p>\n<ol>\n<li>Adaptability<\/li>\n<li>Open<\/li>\n<li>Mixity<\/li>\n<li>Wellness<\/li>\n<li>Friendiness<\/li>\n<\/ol>\n<p><strong> Strate\u00a0<strong style=\"line-height: 1.625;\">School of Design<\/strong> Team 3<\/strong><\/p>\n<ol>\n<li>Legacy<\/li>\n<li>Collaboration<\/li>\n<li>Human Scale<\/li>\n<li>Harmony<\/li>\n<li>Sustainability<\/li>\n<\/ol>\n<div id=\"attachment_1045\" style=\"width: 888px\" class=\"wp-caption alignnone\"><img loading=\"lazy\" decoding=\"async\" aria-describedby=\"caption-attachment-1045\" class=\"size-full wp-image-1045\" src=\"http:\/\/streetchallenge.eu\/wp-content\/uploads\/2015\/03\/IMG_20160607_145028.jpg\" alt=\"\" width=\"878\" height=\"658\" srcset=\"https:\/\/streetchallenge.eu\/wp-content\/uploads\/2015\/03\/IMG_20160607_145028.jpg 878w, https:\/\/streetchallenge.eu\/wp-content\/uploads\/2015\/03\/IMG_20160607_145028-300x225.jpg 300w, https:\/\/streetchallenge.eu\/wp-content\/uploads\/2015\/03\/IMG_20160607_145028-768x576.jpg 768w, https:\/\/streetchallenge.eu\/wp-content\/uploads\/2015\/03\/IMG_20160607_145028-400x300.jpg 400w\" sizes=\"auto, (max-width: 878px) 100vw, 878px\" \/><p id=\"caption-attachment-1045\" class=\"wp-caption-text\">Presenting the Values<\/p><\/div>\n<p>The participants and mentors then moved on to the Mental \/ Emotional Mapping exercise.<\/p>\n<p><strong>Mental \/ Emotional Mapping<\/strong><\/p>\n<p>Participants were asked to make a mental and emotional of the area, focusing both on reconstructing the architectural topology of the area from memory and containing all relevant observations regarding emotions experienced while walking through the area. These observations were of a subjective nature, sensorial impressions like smell, sound, feelings of discomfort, happiness, etc. They first had to make their own, personal emotion map before the whole team had to get together to fuse all these separate maps into one, sharing an emotion map of the experience.<\/p>\n<div id=\"attachment_1044\" style=\"width: 888px\" class=\"wp-caption alignnone\"><img loading=\"lazy\" decoding=\"async\" aria-describedby=\"caption-attachment-1044\" class=\"size-full wp-image-1044\" src=\"http:\/\/streetchallenge.eu\/wp-content\/uploads\/2015\/03\/IMG_20160607_164117.jpg\" alt=\"\" width=\"878\" height=\"658\" srcset=\"https:\/\/streetchallenge.eu\/wp-content\/uploads\/2015\/03\/IMG_20160607_164117.jpg 878w, https:\/\/streetchallenge.eu\/wp-content\/uploads\/2015\/03\/IMG_20160607_164117-300x225.jpg 300w, https:\/\/streetchallenge.eu\/wp-content\/uploads\/2015\/03\/IMG_20160607_164117-768x576.jpg 768w, https:\/\/streetchallenge.eu\/wp-content\/uploads\/2015\/03\/IMG_20160607_164117-400x300.jpg 400w\" sizes=\"auto, (max-width: 878px) 100vw, 878px\" \/><p id=\"caption-attachment-1044\" class=\"wp-caption-text\">Presentation of the Emotional Maps<\/p><\/div>\n<p><strong>The European Street Design Challenge 2016: Day 3 Wednesday, 8th June<\/strong><\/p>\n<p>During the third day of the Challenge, teams continued their brainstorming and conceptual development of their solutions. Several teams began work on their eventual presentations. It was also noticeable that teams were determined to include the ideas and feedback of residents as much as possible into their solutions, and, even at this stage in the design process, they went back out &#8220;on to the streets&#8221; to sound out opinions and exchange ideas with the locals.<\/p>\n<div id=\"attachment_1043\" style=\"width: 504px\" class=\"wp-caption alignnone\"><img loading=\"lazy\" decoding=\"async\" aria-describedby=\"caption-attachment-1043\" class=\"size-full wp-image-1043\" src=\"http:\/\/streetchallenge.eu\/wp-content\/uploads\/2015\/03\/IMG_20160607_173713.jpg\" alt=\"\" width=\"494\" height=\"658\" srcset=\"https:\/\/streetchallenge.eu\/wp-content\/uploads\/2015\/03\/IMG_20160607_173713.jpg 494w, https:\/\/streetchallenge.eu\/wp-content\/uploads\/2015\/03\/IMG_20160607_173713-225x300.jpg 225w\" sizes=\"auto, (max-width: 494px) 100vw, 494px\" \/><p id=\"caption-attachment-1043\" class=\"wp-caption-text\">Conceptualizing and Brainstorming<\/p><\/div>\n<p><strong>The European Street Design Challenge 2016: Day 4 Thursday, 9th June<\/strong><br \/>\nOn the final development day of the ESDC, teams worked hard on their final presentations until mid-afternoon, when they left ICI-Montreuil for the last time and made their way to the Mairie of Montreuil for the presentations to the jury.<\/p>\n<p>ESDC 2016 Jury<\/p>\n<p>The 2014 Challenge was once again fortunate to have an excellent jury, composed of local and departmental representatives, and invited specialists from the Creative Industries and Design:<\/p>\n<ul>\n<li>Mr. Ibrahim Dufriche-Soilihi, Deputy Mayor, Montreuil<\/li>\n<li>Mr. Gaylord Lechequer, Deputy Mayor, Montreuil<\/li>\n<li>Dr. Ouafae Benslimane, Head of Research and Innovation, Conseil G\u00e9n\u00e9ral, Seine-Saint-Denis<\/li>\n<li>Mr. Wandrille Heusse, Ecosystem mananger, ICI-Montreuil<\/li>\n<li>Mr. Edwin Ouerkerk Moria, Designer, Amsterdam<\/li>\n<\/ul>\n<div id=\"attachment_1042\" style=\"width: 888px\" class=\"wp-caption alignnone\"><img loading=\"lazy\" decoding=\"async\" aria-describedby=\"caption-attachment-1042\" class=\"size-full wp-image-1042\" src=\"http:\/\/streetchallenge.eu\/wp-content\/uploads\/2015\/03\/IMG_20160609_165858.jpg\" alt=\"\" width=\"878\" height=\"658\" srcset=\"https:\/\/streetchallenge.eu\/wp-content\/uploads\/2015\/03\/IMG_20160609_165858.jpg 878w, https:\/\/streetchallenge.eu\/wp-content\/uploads\/2015\/03\/IMG_20160609_165858-300x225.jpg 300w, https:\/\/streetchallenge.eu\/wp-content\/uploads\/2015\/03\/IMG_20160609_165858-768x576.jpg 768w, https:\/\/streetchallenge.eu\/wp-content\/uploads\/2015\/03\/IMG_20160609_165858-400x300.jpg 400w\" sizes=\"auto, (max-width: 878px) 100vw, 878px\" \/><p id=\"caption-attachment-1042\" class=\"wp-caption-text\">Presentation and Jury Evaluation<\/p><\/div>\n<p><strong>Design Proposals<\/strong><\/p>\n<p><strong>Ravensbourne, University of the Arts, London<\/strong><\/p>\n<p><strong>\u00a0<\/strong>Fabrique en Montreuil is a movement that visualises and nurtures the growing co-creation culture of Montreuil.<\/p>\n<p>For a truly human-centred approach, we opened conversations with local community organisations and residents of Montreuil. We found that residents repeatedly pointed that they genuinely enjoyed the area <em>because<\/em> it did not commonly undergo major changes. To respect this lifestyle, it was important for us not to replicate a solution from another city, and rather build ideas that address local needs with solidarity.<\/p>\n<p>Our site visits and insights showed that the Market, located on the West side of Croix de Chavaux, is a cultural centre with high interaction. While the Pedestrian Walkway, on the East side, is an area with great potential for further growth and development. The current crossroads, which lies in between, is a busy hub of traffic and intersections, which not only interrupts a natural flow between the two areas, but also lacks pedestrian guidance &#8211; causing ongoing accidents, traffic, and confusion.<\/p>\n<p>We propose facilitating safety and interconnectedness through visual sidewalk guides inspired by the local artist culture, while linking areas of high interactivity with a cohesive visual identity, such as through reflecting the existing roof structure of the Market to the Pedestrian Walkway on the opposite side.<\/p>\n<p>We learned that residents of Montreuil have an active say in which city-funded projects achieve implementation through a voting system. Taking inspiration from this democratic approach, the community would vote on an artist to hand paint his or her submitted pattern on designated spaces in the areas of high interaction. The remaining walkways, which merge from and guide to these designated areas, would welcome the people of Montreuil to contribute to continuing the painting of the artist\u2019s pattern. Thus connecting major areas while encapsulating the very essence of co-creation.<\/p>\n<p>These paintings are a start to a conversation that connects people and spaces. Envisioning the future, this artist pattern can act as a flag, a symbol, a representation that appears on labels of local products, and spaces that also incorporate co-creation. It is a way to visualise where participation occurs &#8211; thinking both on a micro and a macro level &#8211; to show that the people of Montreuil actively contribute to its development. We propose that growing this mindset and respect for the streets could help sustain the city of Montreuil in a holistic way.<\/p>\n<p><img loading=\"lazy\" decoding=\"async\" class=\"alignnone size-full wp-image-1057\" src=\"http:\/\/streetchallenge.eu\/wp-content\/uploads\/2015\/03\/ESDCshorts_Page_06.jpg\" alt=\"\" width=\"5334\" height=\"3000\" srcset=\"https:\/\/streetchallenge.eu\/wp-content\/uploads\/2015\/03\/ESDCshorts_Page_06.jpg 5334w, https:\/\/streetchallenge.eu\/wp-content\/uploads\/2015\/03\/ESDCshorts_Page_06-300x169.jpg 300w, https:\/\/streetchallenge.eu\/wp-content\/uploads\/2015\/03\/ESDCshorts_Page_06-768x432.jpg 768w, https:\/\/streetchallenge.eu\/wp-content\/uploads\/2015\/03\/ESDCshorts_Page_06-1024x576.jpg 1024w, https:\/\/streetchallenge.eu\/wp-content\/uploads\/2015\/03\/ESDCshorts_Page_06-500x281.jpg 500w\" sizes=\"auto, (max-width: 5334px) 100vw, 5334px\" \/><\/p>\n<p><strong>UNDP \/ UNHABITAT, Egypt<\/strong><\/p>\n<p>We saw so much potential to create a space for everyone, a space that can bring together the 101 nationalities of Montreuil, a space for people to be inspired, share their ideas, and to engage together.\u00a0 We see the square as a space for the voice of Montreuil, an emotional thermometer.<\/p>\n<p>We took the idea of the Mur a peches and appropriated it into a Mur a <strong>souhaite<\/strong>, a wall where residents can write their hopes, dreams, ideas, and feelings<strong>. A wall to express.<\/strong> \u00a0The wall also serves to break down barriers by creating a mode of communication with the city.\u00a0 We know that typically public meetings are typically attended by the well to do, but the mur a souhaite is an open, approachable space for everyone to express their wishes This place is also the pulse of the city, where le department and ville de Montreuil can come to understand what the residents are wishing and hoping for. And it is only the beginning, because the mur de souhaite can also be in ruffins, le mairie, Vincennes.<strong> And for inspiration, we have\u00a0<\/strong>quotes from all over the world. For example, the quote by Martin Luther King Jr \u201cOur lives begin to end the day we become silent about things that matter,\u201d and everything that matters is on the wall.<\/p>\n<p>While the mur a souhaite is at the center of the space we see a multi directional flow of movement throughout the square, with two other key spaces.<\/p>\n<p>One place that these quotes will take you, if you choose to follow them is a stage which will showcase the creative industries that live and breathe in Montreuil \u2013 we see this as multi-purpose space. People will come here to show off a little dance, watch someone juggle, or hear an inspirational talk. \u00a0The idea is that you are in the middle of idea cloud encouraging you to just to BE.<\/p>\n<p>Another direction you can go is towards the play space- it is not a play space for kids but a play space for everyone because play is something we all need and it is through play that we innovate and ideas are generated. It also fosters the character of Montreuil as its design is the city logo.<\/p>\n<p>Our goal here was to focus on the social aspect of the croix,\u00a0through the mur a souhaite we created a place\u00a0for people to gravitate towards, where they can come together to engage, interact, and ideate\u201d.<\/p>\n<p><img loading=\"lazy\" decoding=\"async\" class=\"alignnone size-full wp-image-1069\" src=\"http:\/\/streetchallenge.eu\/wp-content\/uploads\/2015\/03\/ESDCshorts_Page_30.jpg\" alt=\"\" width=\"1650\" height=\"1100\" srcset=\"https:\/\/streetchallenge.eu\/wp-content\/uploads\/2015\/03\/ESDCshorts_Page_30.jpg 1650w, https:\/\/streetchallenge.eu\/wp-content\/uploads\/2015\/03\/ESDCshorts_Page_30-300x200.jpg 300w, https:\/\/streetchallenge.eu\/wp-content\/uploads\/2015\/03\/ESDCshorts_Page_30-768x512.jpg 768w, https:\/\/streetchallenge.eu\/wp-content\/uploads\/2015\/03\/ESDCshorts_Page_30-1024x683.jpg 1024w, https:\/\/streetchallenge.eu\/wp-content\/uploads\/2015\/03\/ESDCshorts_Page_30-450x300.jpg 450w\" sizes=\"auto, (max-width: 1650px) 100vw, 1650px\" \/><\/p>\n<p><strong>Design Schools of Rome<\/strong><\/p>\n<p>Our &#8220;Take A Breathe.\u201d project answer the request to re-evaluate and re-organize a<\/p>\n<p>neighborhood on the outskirts of Paris, Montreuil, in particular Place Jacques Duclos, in Croix de Chavaux. The project tackles the issue of \u201cregeneration\u201d by implementing minimum land management, just making a parterre on which will host the most important functions of urban life in Montreuil: relax, sports and crossings. This space is conceived as a \u201cbreathing organism\u201d as people according to their offset determine a flux that is reflected on the graphic of the square and on the street lighting that through smart sensors varies its intensity. The concept behind is a waterfall of red color, as if a paint bucket was overthrown on the square: the result is a an impactful and new image for Montreal. One more thing is to insert around \u201cwhite canvas\u201d, blank spaces to be filled by local artists or common people, so that in the making and changing of the public space there is the imprint of the locals. In our imaginary this project in Croix de Chavaux is just the beginning and can be implemented and spread (as a river of color) through the entire city.<\/p>\n<p><img loading=\"lazy\" decoding=\"async\" class=\"alignnone size-full wp-image-1086\" src=\"http:\/\/streetchallenge.eu\/wp-content\/uploads\/2015\/03\/ESDCshorts_Page_26.jpg\" alt=\"\" width=\"1191\" height=\"842\" srcset=\"https:\/\/streetchallenge.eu\/wp-content\/uploads\/2015\/03\/ESDCshorts_Page_26.jpg 1191w, https:\/\/streetchallenge.eu\/wp-content\/uploads\/2015\/03\/ESDCshorts_Page_26-300x212.jpg 300w, https:\/\/streetchallenge.eu\/wp-content\/uploads\/2015\/03\/ESDCshorts_Page_26-768x543.jpg 768w, https:\/\/streetchallenge.eu\/wp-content\/uploads\/2015\/03\/ESDCshorts_Page_26-1024x724.jpg 1024w, https:\/\/streetchallenge.eu\/wp-content\/uploads\/2015\/03\/ESDCshorts_Page_26-424x300.jpg 424w\" sizes=\"auto, (max-width: 1191px) 100vw, 1191px\" \/><\/p>\n<p><strong>Colab \/ AUT New Zealand<\/strong><\/p>\n<p>We explored how to bring life to les Ruffins, a place of transition situated in Haut Montreuil, next to Parc Montreau. It is used once per week for a market, and occasionally by community groups. There\u2019s a tramway on the horizon but the project keeps getting pushed back; so in the meantime the space is left empty\u2026 waiting. And yet it is right next to one of the most beautiful, historical parks. In the words of the locals, the park is the heart of the community. But it is closed off, blocked by a fence, disconnected from the space right next door. The transition between the two spaces is stark, abrupt. There is just one small entry point in the fence. This leaves the vacant area without a central space for the local people, and without an identity. Removing the fence may help, but what the space needs is a plan for the in-between, the &#8216;change&#8217; time.\u2028\u2028Drawing inspiration from the city of Christchurch, and how locals there responded to losing the heart of the city by building temporary spaces, we developed a plan for an incremental approach to designing the space. It can begin immediately, with local artists and craftspeople constructing temporary objects for the space. These objects would be moveable, allowing the public to explore how they would like to use the space. More importantly, it begins to give the space an identity, and lets the locals know that something is happening and they can be involved. Extending this concept further, we also designed a more permanent infrastructure to allow the space to be flexible and adaptable in the long term. We proposed a network of mounting points that can be planted in the ground. This provides an exciting infrastructure for artists, markets, and other users of the space. Artists gain access to power, sensor data, and light for use in a variety of ways. Markets can use the points to gain access to power or erect temporary shelters. Visitors to the space can move seating around to sit together. The networked nature of the points also gives the possibility of things like artistic data visualisations, or could be used to inform future developments of the space. All together, this solution creates an adaptable, modular space that is flexible to community needs and breathes life into what will become the heart of les Ruffins.<\/p>\n<p><img loading=\"lazy\" decoding=\"async\" class=\"alignnone size-full wp-image-1080\" src=\"http:\/\/streetchallenge.eu\/wp-content\/uploads\/2015\/03\/ESDCshorts_Page_40.jpg\" alt=\"\" width=\"1370\" height=\"771\" srcset=\"https:\/\/streetchallenge.eu\/wp-content\/uploads\/2015\/03\/ESDCshorts_Page_40.jpg 1370w, https:\/\/streetchallenge.eu\/wp-content\/uploads\/2015\/03\/ESDCshorts_Page_40-300x169.jpg 300w, https:\/\/streetchallenge.eu\/wp-content\/uploads\/2015\/03\/ESDCshorts_Page_40-768x432.jpg 768w, https:\/\/streetchallenge.eu\/wp-content\/uploads\/2015\/03\/ESDCshorts_Page_40-1024x576.jpg 1024w, https:\/\/streetchallenge.eu\/wp-content\/uploads\/2015\/03\/ESDCshorts_Page_40-500x281.jpg 500w\" sizes=\"auto, (max-width: 1370px) 100vw, 1370px\" \/><\/p>\n<p><strong>Design Professionals of Utrecht<\/strong><\/p>\n<p><strong>V\u00e9lOuvert<\/strong>\u2019s goal is to increase the ease of use of the V\u00e9lib bicycle rental system while also giving citizens and local governments more knowledge about how people use bicycles in the city of Montreuil. By equipping all the V\u00e9lib bicycles with a GPS sensor and a NO2 probe, we can get insights in the routes cyclists actually take and we can measure the quality of air on a street level.<\/p>\n<p>Using this data we can create a better route planner for cyclists, that allows cyclists to choose the fastest route, the most comfortable route (using height data) as well as the most healthy route (using NO2 data) while getting around the city.<\/p>\n<p>The city can use the data to prioritise improvements in bicycle infrastructure based on which bicycle routes in Bas Montreuil are most heavily used, while also learning about cycling habits.<\/p>\n<p>Using this knowledge, the city will also be able to take well informed decisions when creating a bicycle infrastructure in Haut Montreuil and Les Ruffins to match with the new tramway and the expansion of the metro lines towards 2018.<\/p>\n<p>By publishing the gathered data as anonymised open data, not only the administration of Montreuil will be able to profit from these data, but citizens as well. Citizens interested in making a suggestion for the <em>Budget Participatif <\/em>for example, can use the data to support their projects.<\/p>\n<p><img loading=\"lazy\" decoding=\"async\" class=\"alignnone size-full wp-image-1062\" src=\"http:\/\/streetchallenge.eu\/wp-content\/uploads\/2015\/03\/ESDCshorts_Page_14.jpg\" alt=\"\" width=\"1920\" height=\"1080\" srcset=\"https:\/\/streetchallenge.eu\/wp-content\/uploads\/2015\/03\/ESDCshorts_Page_14.jpg 1920w, https:\/\/streetchallenge.eu\/wp-content\/uploads\/2015\/03\/ESDCshorts_Page_14-300x169.jpg 300w, https:\/\/streetchallenge.eu\/wp-content\/uploads\/2015\/03\/ESDCshorts_Page_14-768x432.jpg 768w, https:\/\/streetchallenge.eu\/wp-content\/uploads\/2015\/03\/ESDCshorts_Page_14-1024x576.jpg 1024w, https:\/\/streetchallenge.eu\/wp-content\/uploads\/2015\/03\/ESDCshorts_Page_14-500x281.jpg 500w\" sizes=\"auto, (max-width: 1920px) 100vw, 1920px\" \/><\/p>\n<p><strong>National Institute of Design, India<\/strong><\/p>\n<p>Our team aimed to harness the living legacy of Les Ruffins in our redesign of the community center at Place des Ruffins.<\/p>\n<p>The proposed solution envisions a multi-storey building with an observatory on the top floor \u2013 an opportunity to appreciate Haut Montreuil, especially Parc Montreau \u2013 with directions to visible landmarks, and below the ground floor, a downward-sloping walkway to a permanent outdoor exhibit \u2013 a wall that uses the trademark form of the murs \u00e2 p\u00e8ches to highlight the demographic diversity that makes the city today. On the floors in-between, we incorporated the growing requirements for the community center: offices and meeting rooms for the Mairie as well as for cultural associations of the area.<\/p>\n<p>A key aspect of our design for the future Place des Ruffins \u2013 a hub for transport, civic participation, recreation, trade and culture \u2013 was the removal of the parking lot and garden patches to create a large open space between the building and the entry to Parc Montreau; a space the Montreuilloise can use freely, for concerts, temporary markets (such as the one that currently comes up twice weekly), or various other community activities.<\/p>\n<p><img loading=\"lazy\" decoding=\"async\" class=\"alignnone size-full wp-image-1074\" src=\"http:\/\/streetchallenge.eu\/wp-content\/uploads\/2015\/03\/ESDCshorts_Page_46.jpg\" alt=\"\" width=\"4267\" height=\"3200\" srcset=\"https:\/\/streetchallenge.eu\/wp-content\/uploads\/2015\/03\/ESDCshorts_Page_46.jpg 4267w, https:\/\/streetchallenge.eu\/wp-content\/uploads\/2015\/03\/ESDCshorts_Page_46-300x225.jpg 300w, https:\/\/streetchallenge.eu\/wp-content\/uploads\/2015\/03\/ESDCshorts_Page_46-768x576.jpg 768w, https:\/\/streetchallenge.eu\/wp-content\/uploads\/2015\/03\/ESDCshorts_Page_46-1024x768.jpg 1024w, https:\/\/streetchallenge.eu\/wp-content\/uploads\/2015\/03\/ESDCshorts_Page_46-400x300.jpg 400w\" sizes=\"auto, (max-width: 4267px) 100vw, 4267px\" \/><\/p>\n<p><strong>Kunstuniversit\u00e4t, Linz<\/strong><\/p>\n<p>VIVE MONTREUIL<\/p>\n<p>Currently the Croix de Chavaux is a busy, loud and air-polluted place. The streets create small islands, which make it hard to orientate and there are hardly any inviting benches and places. It seems like this place is ruled by cars, there is not enough space and respect for pedestrians. Our goal is to give the Croix de Chavaux back to its people and to reinforce the identity of the centre of Montreuil.<\/p>\n<p>We hence decided to rearrange the traffic routes and created an axis for the cars in the south. This intervention calms down the northern part of the Croix the Chavaux.<\/p>\n<p>To give this newly generated square a homogeneous surface, we pave it with limestone, the original material from the quarries of Montreuil. In a specific grate, trees are planted and streetlights installed. The most important \u201ctool\u201d of the new Croix de Chavaux is our modul, called \u201cVIVE\u201d. This multi-purpose furniture with its simple form can be placed all over the new square. It is flexible, easy to turn, twist and staple. Due to its flexibility, there is a high diversity of its utilisation, which should address various users. We want everyone to be part of this new square, no matter of age, origin, profession or whatever they identify with. Every one of them should feel welcomed \u2013 and the \u201cVIVE\u201d has the potential of adapting to this high diversity.<\/p>\n<p>Moreover we want organized activities taking place in the new square. As instance an outdoor cinema, workshops with local artists, street food markets, yoga courses or barbecue evenings. In all these events \u201cVIVE\u201d can be used in different ways, or if not needed it can be stapled aside to free the space. To promote the various events we created an App. This application gives information about \u201cwhat, who &amp; when\u201d and further gives instructions how to modify the \u201cVIVES\u201d for different purposes.<\/p>\n<p>Giving this new square to Montreuil is a great chance to strengthen its identity and to create a lively space where everyone has the chance to be oneself.<\/p>\n<p><img loading=\"lazy\" decoding=\"async\" class=\"alignnone size-full wp-image-1067\" src=\"http:\/\/streetchallenge.eu\/wp-content\/uploads\/2015\/03\/ESDCshorts_Page_33.jpg\" alt=\"\" width=\"2200\" height=\"1650\" srcset=\"https:\/\/streetchallenge.eu\/wp-content\/uploads\/2015\/03\/ESDCshorts_Page_33.jpg 2200w, https:\/\/streetchallenge.eu\/wp-content\/uploads\/2015\/03\/ESDCshorts_Page_33-300x225.jpg 300w, https:\/\/streetchallenge.eu\/wp-content\/uploads\/2015\/03\/ESDCshorts_Page_33-768x576.jpg 768w, https:\/\/streetchallenge.eu\/wp-content\/uploads\/2015\/03\/ESDCshorts_Page_33-1024x768.jpg 1024w, https:\/\/streetchallenge.eu\/wp-content\/uploads\/2015\/03\/ESDCshorts_Page_33-400x300.jpg 400w\" sizes=\"auto, (max-width: 2200px) 100vw, 2200px\" \/><\/p>\n<p><strong><strong style=\"line-height: 1.625;\">Strate School of Design<\/strong>, Team 1<\/strong><\/p>\n<p>Starting today, we want to begin and add value to the blooming of a new space of conviviality and culture, while awaiting for the tramway\u2019s opening. \u2028The project is divided in four phases: communication, co-creation, construction and usage of the new space.<\/p>\n<p>In the communication phase, we really want people to know about the future changes and engage them in our co-creation events. We want to use posters, mailing and a dedicated booth at the market.<\/p>\n<p>Then we want to organize on the field co-creation events aiming for people to have fun and spend time together, as a community building their own future. These events are meant to take inputs from locals habits in order to build a custom made space.<\/p>\n<p>For one of the event, we would empty the square, cover it with white coating, and then let people freely walk around. By the end of the day we would get the perfect layout to implement pathways.<\/p>\n<p>For our other event, we would like to provide people with carton boxes, and let them play around with them. This would allow us to observe their self-organization to shape the layout of the future street furniture.<\/p>\n<p>During the construction work, we really want the construction site to remind people of the co-creation phase, thanks to an exhibition on site.<\/p>\n<p>By the end of the construction, the square would become a co-created open and cultural place. The park would feel more open with plants connected to the square. In the back of the square would be the new cultural center. The market space would be moved to the other half of the square, to be closer to the tramway and the upcoming shops. Retractable street furniture would be implemented in the market area, so when the market is not held, people would freely pull the modules out of the floor. The height of the modules can be adjusted to fit any needs just like in the carton boxes experiment (sit and read, have a table, play, create a bench\u2026).\u00a0 Finally, we would like to implement an outdoor exhibition area for Montreuil plastic artists to showcase their work. This space would be seen from the tramway, providing Montreuil a great display of its cultural assets.<\/p>\n<p><img loading=\"lazy\" decoding=\"async\" class=\"alignnone size-full wp-image-1054\" src=\"http:\/\/streetchallenge.eu\/wp-content\/uploads\/2015\/03\/ESDCshorts_Page_10.jpg\" alt=\"\" width=\"4014\" height=\"2250\" srcset=\"https:\/\/streetchallenge.eu\/wp-content\/uploads\/2015\/03\/ESDCshorts_Page_10.jpg 4014w, https:\/\/streetchallenge.eu\/wp-content\/uploads\/2015\/03\/ESDCshorts_Page_10-300x168.jpg 300w, https:\/\/streetchallenge.eu\/wp-content\/uploads\/2015\/03\/ESDCshorts_Page_10-768x430.jpg 768w, https:\/\/streetchallenge.eu\/wp-content\/uploads\/2015\/03\/ESDCshorts_Page_10-1024x574.jpg 1024w, https:\/\/streetchallenge.eu\/wp-content\/uploads\/2015\/03\/ESDCshorts_Page_10-500x280.jpg 500w\" sizes=\"auto, (max-width: 4014px) 100vw, 4014px\" \/><\/p>\n<p><strong>Strate\u00a0<strong style=\"line-height: 1.625;\">School of Design<\/strong>, Team 2<\/strong><\/p>\n<p>La Flanerie<\/p>\n<p>&#8220;Humans are the center of the designer&#8217;s work. Our project, La Flanerie, rehabilitates the Croix de Chavaux place in Montreuil by giving a new shared and living area for pedestrians. By staying in the area for a few days we observed the habits and customs of Montreuil&#8217;s inhabitants in this particular place and also the cars and buses flows all around it. It should be noted the flows are not organized in Croix de Chavaux and that was the principal fact we had to work on. The place is in the middle of two key areas, the market and the pedestrians walk but there\u2019s no harmony, no link between the two of them, people had to cross with difficulty. We tried not to make too many changes and to keep some key zone such as the park with its trees and pedestrians walk but we got rid of some speed bumps and some concrete trafic islands that were taking too much space that could be used for pedestrians. After that we switched the cars and buses flow in the south of the place and through the park that offered us a big area for pedestrians. We raised the road to slow the cars and put some walkways around to allow people to come in the middle. We didn\u2019t left the place empty, we wanted to create an agora, a place of gathering for the people in Montreuil next to the mall that would be a perfect spot to wait for a bus or a friend. We created a stairs-bench that takes his identity from the \u201cMur \u00e0 P\u00eache\u201d, a strong element of Montreuil that we wanted to be back in the heart of our project. It would be also possible to create some cultural events around it thanks to the poles all around the stairs-bench, that provide street-lights but could also be connected to each other to highlight the work of street-artists or create small shops. La Flanerie is a project for Montreuil and for his inhabitants, a new place where pedestrians, cyclists, buses and drivers live in harmony, a link between the market and the pedestrians walk and an area that can become the cultural and social heart of the city.&#8221;<\/p>\n<p><img loading=\"lazy\" decoding=\"async\" class=\"alignnone size-full wp-image-1071\" src=\"http:\/\/streetchallenge.eu\/wp-content\/uploads\/2015\/03\/ESDCshorts_Page_51.jpg\" alt=\"\" width=\"1208\" height=\"854\" srcset=\"https:\/\/streetchallenge.eu\/wp-content\/uploads\/2015\/03\/ESDCshorts_Page_51.jpg 1208w, https:\/\/streetchallenge.eu\/wp-content\/uploads\/2015\/03\/ESDCshorts_Page_51-300x212.jpg 300w, https:\/\/streetchallenge.eu\/wp-content\/uploads\/2015\/03\/ESDCshorts_Page_51-768x543.jpg 768w, https:\/\/streetchallenge.eu\/wp-content\/uploads\/2015\/03\/ESDCshorts_Page_51-1024x724.jpg 1024w, https:\/\/streetchallenge.eu\/wp-content\/uploads\/2015\/03\/ESDCshorts_Page_51-424x300.jpg 424w\" sizes=\"auto, (max-width: 1208px) 100vw, 1208px\" \/><\/p>\n<p><strong>Strate\u00a0<strong style=\"line-height: 1.625;\">School of Design<\/strong>, Team 3<\/strong><\/p>\n<p>Based on the actual Croix de Chavaux place in Montreuil, our project, Forum, is a pedestrian square where everyone can meet, relax, and feel at home. When we first arrived at the Croix de Chavaux by the underground, the first thing we noticed is how we felt surrounded by cars, on this very small roundabout, like an isolated island where no peace can be found. We started thinking about how to increase the space in the center and where to push the main road that crosses the square without deleting it, and also kept a space on the north side for the bus stops. We moved the extra space from the pavements around to the center, creating a very large square that everyone would cross instead of turning around it. To make Forum more alive, we decided to relocate the Tourist Office at its center, also changing it into a common-room where local associations could meet and discuss about the district\u2019s life. The Tourist Office\u2019s design resonates with a range of urban furniture on which people can sit or find shelter when it\u2019s raining. On the east side is the \u00ab\u00a0Mur \u00e0 P\u00eaches\u00a0\u00bb monument, a reference to Montreuil\u2019s history, that can be modified by anyone, painted, improved, giving back some expression space to the community. Finally, it was important to us that Forum stays a welcoming square at night, so we disposed a path of light on the ground, breaking the stiffness of the city and offering a way to follow to visitors at night.<\/p>\n<p><img loading=\"lazy\" decoding=\"async\" class=\"alignnone size-full wp-image-1064\" src=\"http:\/\/streetchallenge.eu\/wp-content\/uploads\/2015\/03\/ESDCshorts_Page_11.jpg\" alt=\"\" width=\"4000\" height=\"2250\" srcset=\"https:\/\/streetchallenge.eu\/wp-content\/uploads\/2015\/03\/ESDCshorts_Page_11.jpg 4000w, https:\/\/streetchallenge.eu\/wp-content\/uploads\/2015\/03\/ESDCshorts_Page_11-300x169.jpg 300w, https:\/\/streetchallenge.eu\/wp-content\/uploads\/2015\/03\/ESDCshorts_Page_11-768x432.jpg 768w, https:\/\/streetchallenge.eu\/wp-content\/uploads\/2015\/03\/ESDCshorts_Page_11-1024x576.jpg 1024w, https:\/\/streetchallenge.eu\/wp-content\/uploads\/2015\/03\/ESDCshorts_Page_11-500x281.jpg 500w\" sizes=\"auto, (max-width: 4000px) 100vw, 4000px\" \/><\/p>\n<p><strong>The European Street Design Challenge 2016: Day 5 Friday, 10th June<\/strong><\/p>\n<p>On Friday, 10th June, the European Street Design Challenge culminated in an event, co-organised with the Department of Seine-Saint-Denis, to showcase the urban design solutions, created by the international design teams in Montreuil over the preceding three days. In addition, local and international experts discussed one of the driving concepts behind the creation of the ESDC: Participative Design as a catalyst for Social Entrepreneurship.<\/p>\n<p>Design can be a tool for social engagement, innovation and change. One of the principles of participative design is the belief that individuals or groups with intimate experience and knowledge of an issue can co-design a solution, if they learn how to apply the right design principles, processes and tools with support from design professionals. In this context, local residents can, for example, co-design new, targeted manufacturing or educational facilities to meet the needs of a particular area. Previous &#8220;non-designers&#8221; are now empowered to apply these newly acquired design skills and tools in different areas of community life, and to develop their entrepreneurial spirit with the awareness that they too can creatively &#8220;make a difference&#8221; in matters of social design and progress.<\/p>\n<p>The event brought together representatives from local government, the UNDP, and professional designers in a round table to discuss effective ways of collaboration in maximizing the use of participative design as a catalyst for social entrepreneurship on a local, national and international level.<\/p>\n<p>Speakers:<\/p>\n<ul>\n<li>Ibrahim Dufriche-Soilihi, Deputy Mayor, Representative for social and economic development and digital affaires, Municipality of Montreuil<\/li>\n<li>Mme Nad\u00e8ge Grosbois, 4th Vice-President, Seine-Saint-Denis, responsible for economic and social development<\/li>\n<li>Dominque Sciamma, Director, Strate School of Design<\/li>\n<li>Sherif Tokali, Assistant Resident Representative at the United Nations Development Program, Egypt. Innovation Development Leader<\/li>\n<li>Wandrille Heusse, Made in Montreuil<\/li>\n<\/ul>\n<div id=\"attachment_1041\" style=\"width: 888px\" class=\"wp-caption alignnone\"><img loading=\"lazy\" decoding=\"async\" aria-describedby=\"caption-attachment-1041\" class=\"size-full wp-image-1041\" src=\"http:\/\/streetchallenge.eu\/wp-content\/uploads\/2015\/03\/IMG_20160610_103135.jpg\" alt=\"\" width=\"878\" height=\"658\" srcset=\"https:\/\/streetchallenge.eu\/wp-content\/uploads\/2015\/03\/IMG_20160610_103135.jpg 878w, https:\/\/streetchallenge.eu\/wp-content\/uploads\/2015\/03\/IMG_20160610_103135-300x225.jpg 300w, https:\/\/streetchallenge.eu\/wp-content\/uploads\/2015\/03\/IMG_20160610_103135-768x576.jpg 768w, https:\/\/streetchallenge.eu\/wp-content\/uploads\/2015\/03\/IMG_20160610_103135-400x300.jpg 400w\" sizes=\"auto, (max-width: 878px) 100vw, 878px\" \/><p id=\"caption-attachment-1041\" class=\"wp-caption-text\">The Panelists<\/p><\/div>\n<p><strong>Award Ceremony<\/strong><\/p>\n<p>The award ceremony took place at 5:30 pm on Friday afternoon in the magnificent Carreau du Temple in central Paris.<\/p>\n<p><strong>Award Criteria<\/strong><\/p>\n<p>The international jury judged the design propositions on the basis of the following criteria: innovative, scalable, authentic, socially cohesive, feasible, sustainable.<\/p>\n<p><strong>2016 European Street Design Challenge Awards:<\/strong><\/p>\n<p><strong>\u00a0<\/strong><strong>1<sup>st<\/sup>\u00a0Prize:\u00a0 Troph\u00e9e du Conseil G\u00e9n\u00e9ral de Seine-Saint-Denis\u00a0\u00a0\u00a0\u00a0\u00a0\u00a0\u00a0\u00a0\u00a0\u00a0\u00a0\u00a0\u00a0\u00a0\u00a0\u00a0\u00a0\u00a0\u00a0\u00a0\u00a0\u00a0\u00a0\u00a0\u00a0\u00a0\u00a0\u00a0\u00a0\u00a0\u00a0\u00a0\u00a0\u00a0\u00a0\u00a0\u00a0\u00a0\u00a0\u00a0\u00a0\u00a0\u00a0\u00a0\u00a0\u00a0\u00a0\u00a0 <\/strong>Colab \/ AUT, New Zealand<\/p>\n<p><strong>2<sup>nd<\/sup>\u00a0Prize<\/strong><\/p>\n<p>Strate School of Design, S\u00e8vres\/Paris, Team 1<\/p>\n<p><strong>3rd Prize<\/strong><\/p>\n<p>Design Schools of Rome<\/p>\n<div id=\"attachment_1050\" style=\"width: 888px\" class=\"wp-caption alignnone\"><img loading=\"lazy\" decoding=\"async\" aria-describedby=\"caption-attachment-1050\" class=\"size-full wp-image-1050\" src=\"http:\/\/streetchallenge.eu\/wp-content\/uploads\/2017\/05\/IMG_20160610_174149.jpg\" alt=\"\" width=\"878\" height=\"658\" srcset=\"https:\/\/streetchallenge.eu\/wp-content\/uploads\/2017\/05\/IMG_20160610_174149.jpg 878w, https:\/\/streetchallenge.eu\/wp-content\/uploads\/2017\/05\/IMG_20160610_174149-300x225.jpg 300w, https:\/\/streetchallenge.eu\/wp-content\/uploads\/2017\/05\/IMG_20160610_174149-768x576.jpg 768w, https:\/\/streetchallenge.eu\/wp-content\/uploads\/2017\/05\/IMG_20160610_174149-400x300.jpg 400w\" sizes=\"auto, (max-width: 878px) 100vw, 878px\" \/><p id=\"caption-attachment-1050\" class=\"wp-caption-text\">The Award Ceremony at Futur en Seine<\/p><\/div>\n<p><strong>Thanks and Acknowledgements:<\/strong><\/p>\n<p><strong>\u00a0<\/strong>The organisers would like to acknowledge and thank the following organisations and people, who all contributed to making the European Street Design Challenge 2016 a success:<\/p>\n<p>The Futur en Seine Festival, particularly Camille P\u00e8ne and H\u00e9l\u00e8ne Allain<\/p>\n<p>Cap Digital, particularly Patrick Cocquet and St\u00e9phane Distinguin<\/p>\n<p>The Conseil G\u00e9n\u00e9ral de Seine-Saint-Denis, particularly Ouafae Benslimane<\/p>\n<p>The Mairie of Montreuil, particularly Ibrahim Dufriche-Soilihi, Yves Miramont, Gaylord Lechequer, and Medy Sejai<\/p>\n<p>The community managers and residents of Montreuil, with special thanks to Anne Laure Janson<\/p>\n<p>Wandrille Heusse of ICI-Montreuil<\/p>\n<p>The members of the Jury: Mr Ibrahim Dufriche-Soilihi, Mr. Gaylord Lechequer, Dr. Ouafae Benslimane, Mr. Wandrille Heusse, Mr. Edwin van Ouerkerk Moria<\/p>\n<p>The Friday speakers: Mr Ibrahim Dufriche-Soilihi, Mrs Nad\u00e8ge Grosbois, Mr. Sherif El Tokali, Mr Dominique Sciamma, Mr. Wandrille Heusse<\/p>\n<p>All the participating teams and their staff<\/p>\n<p>Production Support from Edwin van Ouerkerk Moria<\/p>\n<p>And all those other experts and citizens, who gave their valuable time and expertise.<\/p>\n<p>&nbsp;<\/p>\n","protected":false},"excerpt":{"rendered":"<p>MONTREUIL http:\/\/montreuil.plan-interactif.com The name Montreuil (latin: monasteriolum, meaning small monastery or village) was first noted in an 8th century charter, referring to a village around a monastery, situated at the place of the present church. By the Middle Ages, Montreuil &hellip; <a href=\"https:\/\/streetchallenge.eu\/?page_id=853\">Continue reading <span class=\"meta-nav\">&rarr;<\/span><\/a><\/p>\n","protected":false},"author":1,"featured_media":0,"parent":1006,"menu_order":0,"comment_status":"open","ping_status":"closed","template":"sidebar-page.php","meta":{"footnotes":""},"class_list":["post-853","page","type-page","status-publish","hentry"],"_links":{"self":[{"href":"https:\/\/streetchallenge.eu\/index.php?rest_route=\/wp\/v2\/pages\/853","targetHints":{"allow":["GET"]}}],"collection":[{"href":"https:\/\/streetchallenge.eu\/index.php?rest_route=\/wp\/v2\/pages"}],"about":[{"href":"https:\/\/streetchallenge.eu\/index.php?rest_route=\/wp\/v2\/types\/page"}],"author":[{"embeddable":true,"href":"https:\/\/streetchallenge.eu\/index.php?rest_route=\/wp\/v2\/users\/1"}],"replies":[{"embeddable":true,"href":"https:\/\/streetchallenge.eu\/index.php?rest_route=%2Fwp%2Fv2%2Fcomments&post=853"}],"version-history":[{"count":58,"href":"https:\/\/streetchallenge.eu\/index.php?rest_route=\/wp\/v2\/pages\/853\/revisions"}],"predecessor-version":[{"id":1298,"href":"https:\/\/streetchallenge.eu\/index.php?rest_route=\/wp\/v2\/pages\/853\/revisions\/1298"}],"up":[{"embeddable":true,"href":"https:\/\/streetchallenge.eu\/index.php?rest_route=\/wp\/v2\/pages\/1006"}],"wp:attachment":[{"href":"https:\/\/streetchallenge.eu\/index.php?rest_route=%2Fwp%2Fv2%2Fmedia&parent=853"}],"curies":[{"name":"wp","href":"https:\/\/api.w.org\/{rel}","templated":true}]}}